{"id":231,"date":"2017-08-04T09:18:17","date_gmt":"2017-08-04T07:18:17","guid":{"rendered":"http:\/\/weinlabor.at\/wein\/generate\/?page_id=231"},"modified":"2022-02-11T17:13:22","modified_gmt":"2022-02-11T17:13:22","slug":"behandlungen","status":"publish","type":"page","link":"https:\/\/www.dr-post.at\/praxis\/behandlungen\/","title":{"rendered":"Psychiatrische Behandlung"},"content":{"rendered":"<p>[et_pb_section fb_built=&#8220;1&#8243; admin_label=&#8220;section&#8220; _builder_version=&#8220;3.22&#8243;][et_pb_row admin_label=&#8220;row&#8220; _builder_version=&#8220;3.25&#8243; background_size=&#8220;initial&#8220; background_position=&#8220;top_left&#8220; background_repeat=&#8220;repeat&#8220;][et_pb_column type=&#8220;4_4&#8243; _builder_version=&#8220;3.25&#8243; custom_padding=&#8220;|||&#8220; custom_padding__hover=&#8220;|||&#8220;][et_pb_text admin_label=&#8220;Text&#8220; _builder_version=&#8220;3.27.4&#8243; background_size=&#8220;initial&#8220; background_position=&#8220;top_left&#8220; background_repeat=&#8220;repeat&#8220;]<\/p>\n<p>Als ihr Facharzt f\u00fcr Psychiatrie und psychotherapeutische Medizin in Innsbruck und in Kitzb\u00fchel biete ich Ihnen eine fach\u00e4rztlich-psychiatrische diagnostische Abkl\u00e4rung und Behandlung. Zu meinen <strong>Schwerpunkten<\/strong> z\u00e4hlen:<\/p>\n<h2><a class=\"behandlung\" href=\"\/praxis\/behandlung-von-burnout\/\"><br \/> Burnout<\/a><\/h2>\n<p>Auch im Akut- und Krisenfall bin ich f\u00fcr Sie da und biete Ihnen kurzfristig Termine bei: Belastung, Krise, \u00dcberlastung, Ersch\u00f6pfung, Burnout, Beziehungsprobleme, Mobbing, schwer bew\u00e4ltigbaren Lebensereignissen.<\/p>\n<h2><a class=\"behandlung\" href=\"#\"><br \/> Psychische Erkrankungen in Zusammenhang mit k\u00f6rperlichen Erkrankungen<\/a><\/h2>\n<p>In unserer Gemeinschaftsordination profitieren meine Patienten von der\u00a0<span class=\"s1\">interdisziplin\u00e4ren\u00a0<\/span>Zusammenarbeit zwischen mir, dem <a href=\"http:\/\/www.blutdruck-therapie.at\/\" target=\"_blank\" rel=\"noopener noreferrer\">Internisten Dr. Christian Koppelst\u00e4tter<\/a>,\u00a0<span><a href=\"http:\/\/hausmann,tirol\">Dr. Hausmann<\/a>, <a href=\"https:\/\/www.tcm-innsbruck.at\/\" target=\"_blank\" rel=\"noopener\">Dr. Streli<\/a>, Dr. Poewe, <a href=\"https:\/\/ordination-brenner.at\/\" target=\"_blank\" rel=\"noopener\">Dr. Brenner<\/a>, <a href=\"https:\/\/www.marina-baumann.at\/\" target=\"_blank\" rel=\"noopener\">Physiotherapeutin Marina Baumann<\/a><\/span> und den <a href=\"http:\/\/www.therapie-west.at\/\" target=\"_blank\" rel=\"noopener noreferrer\">Physiotherapeuten Markus Geiregger und Simon Braun<\/a>.<\/p>\n<h2><a class=\"behandlung\" href=\"\/praxis\/behandlung-von-depressionen\/\"><br \/> Depression<\/a><\/h2>\n<p>Behandlung von Depressionen.<\/p>\n<h2><a class=\"behandlung\" href=\"\/praxis\/behandlung-von-bipolar-affektive-stoerung\/\"><br \/> Bipolar Affektive St\u00f6rung<\/a><\/h2>\n<p>Behandlung von bipolar affektiven St\u00f6rungen, Behandlung von manisch-depressiven Krankheiten.<\/p>\n<h2><a class=\"behandlung\" href=\"\/praxis\/behandlung-von-schizophrenie\/\"><br \/> Schizophrenie und Psychose<\/a><\/h2>\n<p>Behandlung von Psychosen, Schizophrenie, schizoaffektive St\u00f6rungen, Wahnst\u00f6rungen.<\/p>\n<h2><a class=\"behandlung\" href=\"\/praxis\/behandlung-von-schlafstoerungen\/\"><br \/> Schlafst\u00f6rungen<\/a><\/h2>\n<p>Behandlung von Schlafst\u00f6rungen<\/p>\n<h2><a class=\"behandlung\" href=\"\/praxis\/behandlung-von-suchterkrankung-und-suchttherapie\/\"><br \/> Suchterkrankung und Suchttherapie<br \/> <\/a><\/h2>\n<p>Behandlung und Therapie von Suchterkrankungen bzgl Alkohol, Nikotin, illegale psychotrope Substanzen und andere verhaltensbezogene S\u00fcchte. Eine Substitutionsbehandlung mit Opiaten kann ich Ihnen nicht anbieten.<\/p>\n<h2><a class=\"behandlung\" href=\"\/praxis\/behandlung-von-angststoerungen\/\"><br \/> Angstst\u00f6rungen<\/a><\/h2>\n<p>Behandlung von Angsterkrankungen, generalisierte Angstst\u00f6rungen, Agoraphobie, Sozialphobie und Panikattacken.<\/p>\n<h2><a class=\"behandlung\" href=\"\/praxis\/behandlung-von-zwangsstoerungen\/\"><br \/> Zwangsst\u00f6rung<\/a><\/h2>\n<p>Behandlung von Zwangsst\u00f6rungen.<\/p>\n<h2><a class=\"behandlung\" href=\"\/praxis\/behandlung-von-demenz\/\"><br \/> Demenz<\/a><\/h2>\n<p>Behandlung von Demenz und Ged\u00e4chtnisproblemen.<\/p>\n<h2><a class=\"behandlung\" href=\"\/praxis\/behandlung-von-psychosomatischen-erkrankungsbildern\/\"><br \/> Psychosomatische Erkrankungsbilder<\/a><\/h2>\n<p>Behandlung von psychosomatischen Erkankungsbildern, von somatoformen St\u00f6rungen, Essst\u00f6rungen.<\/p>\n<h2><a class=\"behandlung\" href=\"\/praxis\/behandlung-von-adhs\/\"><br \/> ADHS<\/a><\/h2>\n<p>Behandlung von ADHS (Aufmerksamkeitsdefizit und Hyperaktivit\u00e4tssyndrom) bei Erwachsenen.<\/p>\n<h2><a class=\"behandlung\" href=\"\/praxis\/behandlung-von-persoenlichkeitsstoerungen\/\"><br \/> Pers\u00f6nlichkeitsst\u00f6rung und Verhaltensauff\u00e4lligkeiten<\/a><\/h2>\n<p>Behandlung von Pers\u00f6nlichkeitsst\u00f6rungen und Verhaltensauff\u00e4lligkeiten.<\/p>\n<h2><a class=\"behandlung\" href=\"\/praxis\/behandlung-von-psychische-erkrankungen-waehrend-schwangerschaft\/\"><br \/> Psychische Erkrankungen w\u00e4hrend Schwangerschaft und Stillzeit<\/a><\/h2>\n<p>Behandlung von psychischen Erkrankungen w\u00e4hrend der Schwangerschaft und Stillzeit.<\/p>\n<p>&nbsp;<\/p>\n<p>&nbsp;<\/p>\n<p>&nbsp;<\/p>\n<p>[\/et_pb_text][\/et_pb_column][\/et_pb_row][\/et_pb_section]<\/p>\n","protected":false},"excerpt":{"rendered":"<p>Als ihr Facharzt f\u00fcr Psychiatrie und psychotherapeutische Medizin in Innsbruck und in Kitzb\u00fchel biete ich Ihnen eine fach\u00e4rztlich-psychiatrische diagnostische Abkl\u00e4rung und Behandlung. Zu meinen Schwerpunkten z\u00e4hlen: Burnout Auch im Akut- und Krisenfall bin ich f\u00fcr Sie da und biete Ihnen kurzfristig Termine bei: Belastung, Krise, \u00dcberlastung, Ersch\u00f6pfung, Burnout, Beziehungsprobleme, Mobbing, schwer bew\u00e4ltigbaren Lebensereignissen. Psychische Erkrankungen [&hellip;]<\/p>\n","protected":false},"author":1,"featured_media":0,"parent":0,"menu_order":0,"comment_status":"closed","ping_status":"closed","template":"","meta":{"_et_pb_use_builder":"on","_et_pb_old_content":"Als ihr Facharzt f\u00fcr Psychiatrie und psychotherapeutische Medizin in Innsbruck und in Kitzb\u00fchel biete ich Ihnen eine fach\u00e4rztlich-psychiatrische diagnostische Abkl\u00e4rung und Behandlung. Zu meinen <strong>Schwerpunkten<\/strong> z\u00e4hlen:\r\n<h2><a class=\"behandlung\" href=\"\/praxis\/behandlung-von-burnout\/\">\r\nBurnout<\/a><\/h2>\r\nAuch im Akut- und Krisenfall bin ich f\u00fcr Sie da und biete Ihnen kurzfristig Termine bei: Belastung, Krise, \u00dcberlastung, Ersch\u00f6pfung, Burnout, Beziehungsprobleme, Mobbing, schwer bew\u00e4ltigbaren Lebensereignissen.\r\n<h2><a class=\"behandlung\" href=\"#\">\r\nPsychische Erkrankungen in Zusammenhang mit k\u00f6rperlichen Erkrankungen<\/a><\/h2>\r\nIn unserer Gemeinschaftsordination profitieren meine Patienten von der\u00a0<span class=\"s1\">interdisziplin\u00e4ren\u00a0<\/span>Zusammenarbeit zwischen mir, dem <a href=\"http:\/\/www.blutdruck-therapie.at\/\" target=\"_blank\" rel=\"noopener noreferrer\">Internisten Dr. Christian Koppelst\u00e4tter<\/a>\u00a0 und den <a href=\"http:\/\/www.therapie-west.at\/\" target=\"_blank\" rel=\"noopener noreferrer\">Physiotherapeuten Markus Geiregger und Simon Braun<\/a>.\r\n<h2><a class=\"behandlung\" href=\"\/praxis\/behandlung-von-depressionen\/\">\r\nDepression<\/a><\/h2>\r\nBehandlung von Depressionen.\r\n<h2><a class=\"behandlung\" href=\"\/praxis\/behandlung-von-bipolar-affektive-stoerung\/\">\r\nBipolar Affektive St\u00f6rung<\/a><\/h2>\r\nBehandlung von bipolar affektiven St\u00f6rungen, Behandlung von manisch-depressiven Krankheiten.\r\n<h2><a class=\"behandlung\" href=\"\/praxis\/behandlung-von-schizophrenie\/\">\r\nSchizophrenie und Psychose<\/a><\/h2>\r\nBehandlung von Psychosen, Schizophrenie, schizoaffektive St\u00f6rungen, Wahnst\u00f6rungen.\r\n<h2><a class=\"behandlung\" href=\"\/praxis\/behandlung-von-schlafstoerungen\/\">\r\nSchlafst\u00f6rungen<\/a><\/h2>\r\nBehandlung von Schlafst\u00f6rungen\r\n<h2><a class=\"behandlung\" href=\"\/praxis\/behandlung-von-suchterkrankung-und-suchttherapie\/\">\r\nSuchterkrankung und Suchttherapie\r\n<\/a><\/h2>\r\nBehandlung und Therapie von Suchterkrankungen bzgl Alkohol, Nikotin, illegale psychotrope Substanzen und andere verhaltensbezogene S\u00fcchte. Eine Substitutionsbehandlung mit Opiaten kann ich Ihnen nicht anbieten.\r\n<h2><a class=\"behandlung\" href=\"\/praxis\/behandlung-von-angststoerungen\/\">\r\nAngstst\u00f6rungen<\/a><\/h2>\r\nBehandlung von Angsterkrankungen, generalisierte Angstst\u00f6rungen, Agoraphobie, Sozialphobie und Panikattacken.\r\n<h2><a class=\"behandlung\" href=\"\/praxis\/behandlung-von-zwangsstoerungen\/\">\r\nZwangsst\u00f6rung<\/a><\/h2>\r\nBehandlung von Zwangsst\u00f6rungen.\r\n<h2><a class=\"behandlung\" href=\"\/praxis\/behandlung-von-demenz\/\">\r\nDemenz<\/a><\/h2>\r\nBehandlung von Demenz und Ged\u00e4chtnisproblemen.\r\n<h2><a class=\"behandlung\" href=\"\/praxis\/behandlung-von-psychosomatischen-erkrankungsbildern\/\">\r\nPsychosomatische Erkrankungsbilder<\/a><\/h2>\r\nBehandlung von psychosomatischen Erkankungsbildern, von somatoformen St\u00f6rungen, Essst\u00f6rungen.\r\n<h2><a class=\"behandlung\" href=\"\/praxis\/behandlung-von-adhs\/\">\r\nADHS<\/a><\/h2>\r\nBehandlung von ADHS (Aufmerksamkeitsdefizit und Hyperaktivit\u00e4tssyndrom) bei Erwachsenen.\r\n<h2><a class=\"behandlung\" href=\"\/praxis\/behandlung-von-persoenlichkeitsstoerungen\/\">\r\nPers\u00f6nlichkeitsst\u00f6rung und Verhaltensauff\u00e4lligkeiten<\/a><\/h2>\r\nBehandlung von Pers\u00f6nlichkeitsst\u00f6rungen und Verhaltensauff\u00e4lligkeiten.\r\n<h2><a class=\"behandlung\" href=\"\/praxis\/behandlung-von-psychische-erkrankungen-waehrend-schwangerschaft\/\">\r\nPsychische Erkrankungen w\u00e4hrend Schwangerschaft und Stillzeit<\/a><\/h2>\r\nBehandlung von psychischen Erkrankungen w\u00e4hrend der Schwangerschaft und Stillzeit.\r\n\r\n&nbsp;\r\n\r\n&nbsp;\r\n\r\n&nbsp;","_et_gb_content_width":"1200","footnotes":""},"class_list":["post-231","page","type-page","status-publish","hentry"],"_links":{"self":[{"href":"https:\/\/www.dr-post.at\/praxis\/wp-json\/wp\/v2\/pages\/231","targetHints":{"allow":["GET"]}}],"collection":[{"href":"https:\/\/www.dr-post.at\/praxis\/wp-json\/wp\/v2\/pages"}],"about":[{"href":"https:\/\/www.dr-post.at\/praxis\/wp-json\/wp\/v2\/types\/page"}],"author":[{"embeddable":true,"href":"https:\/\/www.dr-post.at\/praxis\/wp-json\/wp\/v2\/users\/1"}],"replies":[{"embeddable":true,"href":"https:\/\/www.dr-post.at\/praxis\/wp-json\/wp\/v2\/comments?post=231"}],"version-history":[{"count":0,"href":"https:\/\/www.dr-post.at\/praxis\/wp-json\/wp\/v2\/pages\/231\/revisions"}],"wp:attachment":[{"href":"https:\/\/www.dr-post.at\/praxis\/wp-json\/wp\/v2\/media?parent=231"}],"curies":[{"name":"wp","href":"https:\/\/api.w.org\/{rel}","templated":true}]}}